{"id":10858,"date":"2018-04-11T16:01:33","date_gmt":"2018-04-11T16:01:33","guid":{"rendered":"https:\/\/cgf.janz.pt\/impresa\/sistema-de-gestao-de-qualidade\/"},"modified":"2026-04-14T10:16:04","modified_gmt":"2026-04-14T09:16:04","slug":"sistema-di-gestione-della-qualita","status":"publish","type":"page","link":"https:\/\/cgf.janz.pt\/it\/impresa\/sistema-di-gestione-della-qualita\/","title":{"rendered":"Politica di Gestione Integrata"},"content":{"rendered":"<div class=\"wpb-content-wrapper\"><p>[vc_row][vc_column width=&#8221;2\/3&#8243;][vc_cta h2=&#8221;POLITICA DI GESTIONE INTEGRATA&#8221; h2_font_container=&#8221;tag:h2|text_align:left|color:%23003139&#8243; h2_use_theme_fonts=&#8221;yes&#8221; txt_align=&#8221;center&#8221; style=&#8221;custom&#8221; css=&#8221;&#8221; use_custom_fonts_h2=&#8221;true&#8221; custom_background=&#8221;#ffffff&#8221; el_class=&#8221;special_h2 page-title&#8221;][\/vc_cta][vc_column_text css=&#8221;&#8221;]<\/p>\n<div>\n<div>\n<p>Il processo di qualit\u00e0 in JANZ fa parte della nostra cultura e dei nostri valori. Da sempre implementiamo processi a supporto della fabbricazione dei prodotti in azienda, elevando i livelli di qualit\u00e0 finale.<\/p>\n<p>Il monitoraggio e il miglioramento continuo dei processi sono una garanzia per mantenere ed elevare gli standard di qualit\u00e0 che ci hanno sempre contraddistinto, consentendoci di implementare e mantenere le certificazioni ISO 9001 dal 1995 e EN9100 dal 2016.<\/p>\n<p>Ci impegniamo a valutare continuamente i nostri processi attraverso il nostro sistema di gestione della qualit\u00e0 e forniamo formazione continua al nostro team di lavoratori per elevare l&#8217;eccellenza del loro lavoro e delle loro prestazioni.<\/p>\n<\/div>\n<\/div>\n<p>[\/vc_column_text][\/vc_column][vc_column width=&#8221;1\/3&#8243;][vc_column_text css=&#8221;&#8221;]<strong>DOCUMENTI DA SCARICARE<\/strong><\/p>\n<p>Consulta qui le informazioni[\/vc_column_text]            <a href=\"https:\/\/cgf.janz.pt\/wp-content\/uploads\/2026\/04\/INTEGRATED-MANAGEMENT-POLICY-March-2026.pdf\" class=\"dwnld-btn reverse\" download=\"\">Politica di Gestione Integrata<\/a>\n        [vc_separator]            <a href=\"https:\/\/cgf.janz.pt\/wp-content\/uploads\/2026\/04\/Janz_Safety-Health-Environment-Policy.pdf\" class=\"dwnld-btn reverse\" download=\"\">Politica in materia di sicurezza, salute e ambiente<\/a>\n        [\/vc_column][\/vc_row][vc_row][vc_column width=&#8221;1\/2&#8243;][vc_separator color=&#8221;white&#8221; border_width=&#8221;3&#8243;][\/vc_column][vc_column width=&#8221;1\/2&#8243;][\/vc_column][\/vc_row][vc_row full_width=&#8221;stretch_row&#8221; equal_height=&#8221;yes&#8221; css=&#8221;.vc_custom_1526044743638{padding-top: 0px !important;padding-bottom: 0px !important;background-color: #ffffff !important;}&#8221;][vc_column width=&#8221;2\/3&#8243; css=&#8221;.vc_custom_1523462830616{padding-top: 0px !important;padding-bottom: 0px !important;}&#8221;][vc_column_text css=&#8221;&#8221;]<\/p>\n<h2>APCER ISO 9001<\/h2>\n<p>La continua evoluzione dei mercati su scala globale, i continui sviluppi tecnologici e il crescente livello di esigenza dei clienti sostengono la necessit\u00e0 di sistemi di qualit\u00e0 orientati ai processi.<\/p>\n<p>La <a href=\"https:\/\/apcergroup.com\/pt\/certificacao\/pesquisa-de-normas\/81\/iso-9001\">ISO 9001<\/a> \u00e8 la norma sui sistemi di gestione pi\u00f9 utilizzata al mondo e costituisce un riferimento internazionale per la certificazione dei sistemi di gestione della qualit\u00e0.[\/vc_column_text][vc_row_inner css=&#8221;.vc_custom_1527258839863{margin-bottom: 20px !important;}&#8221;][vc_column_inner width=&#8221;1\/2&#8243;]            <a href=\"https:\/\/cgf.janz.pt\/wp-content\/uploads\/2024\/02\/95.CEP_.341-Janz-APCER-corrig_2024_02-07.pdf\" class=\"dwnld-btn reverse\" download=\"\">Certificato APCER<\/a>\n        [\/vc_column_inner][vc_column_inner width=&#8221;1\/2&#8243;]            <a href=\"https:\/\/cgf.janz.pt\/wp-content\/uploads\/2024\/02\/95.CEP_.341-Janz-Iqnet-corrig_2024_02-07.pdf\" class=\"dwnld-btn reverse\" download=\"\">Certificato IQNet<\/a>\n        [\/vc_column_inner][\/vc_row_inner][vc_column_text css=&#8221;&#8221;]<\/p>\n<h2>MID<\/h2>\n<p><strong>Measuring Instruments Directive<\/strong> &#8211; \u00e8\u00a0una direttiva dell&#8217;Unione Europea che mira ad armonizzare diversi aspetti della metrologia legale in tutti i paesi dell&#8217;Unione Europea in materia di strumenti di misura.<\/p>\n<p>Il controllo metrologico legale richiede la conformit\u00e0 a specifici requisiti di prestazione. I requisiti di prestazione che gli strumenti di misura devono soddisfare devono garantire un elevato livello di protezione. La valutazione della conformit\u00e0 deve garantire un elevato livello di affidabilit\u00e0.<\/p>\n<p>Stabilisce i requisiti essenziali che gli strumenti di misura devono soddisfare per poter essere immessi sul mercato e\/o messi in servizio per lo svolgimento delle funzioni di misura.[\/vc_column_text][vc_row_inner][vc_column_inner width=&#8221;1\/2&#8243;]            <a href=\"https:\/\/cgf.janz.pt\/wp-content\/uploads\/2024\/07\/Model-D.pdf\" class=\"dwnld-btn reverse\" download=\"\">Modello D<\/a>\n        [\/vc_column_inner][\/vc_row_inner][\/vc_column][vc_column width=&#8221;1\/3&#8243;][vc_single_image image=&#8221;10862&#8243; alignment=&#8221;center&#8221;][\/vc_column][\/vc_row][vc_row full_width=&#8221;stretch_row&#8221; equal_height=&#8221;yes&#8221; content_placement=&#8221;middle&#8221; css=&#8221;.vc_custom_1526044852074{padding-top: 0px !important;padding-bottom: 0px !important;background-color: #ffffff !important;}&#8221;][vc_column width=&#8221;2\/3&#8243;][vc_column_text css=&#8221;&#8221;]<\/p>\n<h2>EN 9100<\/h2>\n<p>La <strong>AS 9100<\/strong> \u00e8 una norma riconosciuta a livello internazionale che stabilisce requisiti specifici di gestione della qualit\u00e0 per l&#8217;<strong>industria aeronautica<\/strong>. Conosciuta come AS 9100 in Nord America, <strong>EN 9100<\/strong> in Europa e JISQ 9100 in Giappone, questa norma \u00e8 stata adottata dai maggiori produttori del settore (come Airbus, Boeing, GEAE e Rolls-Royce), che la richiedono nei contratti con i propri partner commerciali.[\/vc_column_text][vc_row_inner][vc_column_inner width=&#8221;1\/2&#8243;]            <a href=\"https:\/\/cgf.janz.pt\/wp-content\/uploads\/2025\/10\/Certificate-EN9100-_-01_117_2523552_Main_EN.pdf\" class=\"dwnld-btn \" download=\"\">Certificato<\/a>\n        [\/vc_column_inner][\/vc_row_inner][\/vc_column][\/vc_row][vc_row css=&#8221;.vc_custom_1523553543440{margin-top: 100px !important;}&#8221;][vc_column][vc_custom_heading text=&#8221;LABORATORIO DI CONTATORI D&#8217;ACQUA&#8221; font_container=&#8221;tag:div|font_size:22px|text_align:center|color:%23303030&#8243; google_fonts=&#8221;font_family:Montserrat%3Aregular%2C700|font_style:700%20bold%20regular%3A700%3Anormal&#8221; css=&#8221;&#8221;][vc_column_text css=&#8221;.vc_custom_1757927692002{margin-top: 25px !important;padding-right: 15px !important;padding-left: 15px !important;}&#8221; el_class=&#8221;sgq-p&#8221;]Con l&#8217;obiettivo di monitorare la produzione in modo indipendente e utilizzare le conoscenze acquisite nella prova e nella calibrazione dei contatori dell&#8217;acqua, \u00e8 nato il Laboratorio dei Contatori dell&#8217;Acqua, accreditato dal 1993 per le prove e le calibrazioni, secondo la norma ISO\/IEC 17025, dall&#8217;IPAC.[\/vc_column_text][\/vc_column][\/vc_row][vc_row][vc_column width=&#8221;1\/4&#8243;]            <a href=\"https:\/\/cgf.janz.pt\/wp-content\/uploads\/2023\/07\/M00192023-06-19.pdf\" class=\"dwnld-btn reverse\" download=\"\">Certificato di Accreditamento M0019<\/a>\n        [\/vc_column][vc_column width=&#8221;1\/4&#8243;]            <a href=\"https:\/\/cgf.janz.pt\/wp-content\/uploads\/2023\/10\/Anexo-Tecnico-de-Acreditacao-M0019A12023-09-01.pdf\" class=\"dwnld-btn reverse\" download=\"\">Allegato Tecnico M0019<\/a>\n        [\/vc_column][vc_column width=&#8221;1\/4&#8243;]            <a href=\"https:\/\/cgf.janz.pt\/wp-content\/uploads\/2023\/07\/L04052023-06-19.pdf\" class=\"dwnld-btn reverse\" download=\"\">Certificato di Accreditamento L0405<\/a>\n        [\/vc_column][vc_column width=&#8221;1\/4&#8243;]            <a href=\"https:\/\/cgf.janz.pt\/wp-content\/uploads\/2023\/10\/Anexo-Tecnico-de-Acreditacao-L0405A12023-09-01.pdf\" class=\"dwnld-btn reverse\" download=\"\">Allegato Tecnico L0405<\/a>\n        [\/vc_column][\/vc_row][vc_row][vc_column][vc_separator color=&#8221;white&#8221; border_width=&#8221;3&#8243;][\/vc_column][\/vc_row][vc_row][vc_column width=&#8221;1\/4&#8243;][\/vc_column][vc_column width=&#8221;1\/4&#8243;][\/vc_column][\/vc_row][vc_row][vc_column][vc_separator color=&#8221;white&#8221; border_width=&#8221;4&#8243;][\/vc_column][\/vc_row]<\/p>\n<\/div>","protected":false},"excerpt":{"rendered":"<p>[vc_row][vc_column width=&#8221;2\/3&#8243;][vc_cta h2=&#8221;POLITICA DI GESTIONE INTEGRATA&#8221; h2_font_container=&#8221;tag:h2|text_align:left|color:%23003139&#8243; h2_use_theme_fonts=&#8221;yes&#8221; txt_align=&#8221;center&#8221; style=&#8221;custom&#8221; css=&#8221;&#8221; use_custom_fonts_h2=&#8221;true&#8221; custom_background=&#8221;#ffffff&#8221; el_class=&#8221;special_h2 page-title&#8221;][\/vc_cta][vc_column_text css=&#8221;&#8221;] Il processo di qualit\u00e0 [&hellip;]<\/p>\n","protected":false},"author":1,"featured_media":0,"parent":10767,"menu_order":0,"comment_status":"closed","ping_status":"closed","template":"","meta":{"_acf_changed":false,"_monsterinsights_skip_tracking":false,"_monsterinsights_sitenote_active":false,"_monsterinsights_sitenote_note":"","_monsterinsights_sitenote_category":0,"footnotes":""},"class_list":["post-10858","page","type-page","status-publish","hentry"],"acf":[],"yoast_head":"<!-- This site is optimized with the Yoast SEO plugin v26.9 - https:\/\/yoast.com\/product\/yoast-seo-wordpress\/ -->\n<title>Qualit\u00e0: Politica di gestione integrata<\/title>\n<meta name=\"description\" content=\"Ci impegniamo a valutare i nostri processi per garantire e innalzare gli standard qualitativi che da sempre caratterizzano JANZ.\" \/>\n<meta name=\"robots\" content=\"index, follow, max-snippet:-1, max-image-preview:large, max-video-preview:-1\" \/>\n<link rel=\"canonical\" href=\"https:\/\/cgf.janz.pt\/it\/impresa\/sistema-di-gestione-della-qualita\/\" \/>\n<meta property=\"og:locale\" content=\"it_IT\" \/>\n<meta property=\"og:type\" content=\"article\" \/>\n<meta property=\"og:title\" content=\"Sistema de Gest\u00e3o de Qualidade - CGF JANZ - Contagem e Gest\u00e3o de Flu\u00eddos\" \/>\n<meta property=\"og:description\" content=\"Temos o compromisso de avaliar os nossos processos. Damos forma\u00e7\u00e3o cont\u00ednua \u00e0 nossa equipa sobre Contadores de \u00c1gua, Pe\u00e7as de Precis\u00e3o, entre outros.\" \/>\n<meta property=\"og:url\" content=\"https:\/\/cgf.janz.pt\/it\/impresa\/sistema-di-gestione-della-qualita\/\" \/>\n<meta property=\"og:site_name\" content=\"Janz - Contagem e Gest\u00e3o de Flu\u00eddos S.A.\" \/>\n<meta property=\"article:modified_time\" content=\"2026-04-14T09:16:04+00:00\" \/>\n<meta property=\"og:image\" content=\"https:\/\/cgf.janz.pt\/wp-content\/uploads\/2018\/10\/cgf.janz_.pt-redes-sociais.png\" \/>\n\t<meta property=\"og:image:width\" content=\"1200\" \/>\n\t<meta property=\"og:image:height\" content=\"628\" \/>\n\t<meta property=\"og:image:type\" content=\"image\/png\" \/>\n<meta name=\"twitter:card\" content=\"summary_large_image\" \/>\n<meta name=\"twitter:label1\" content=\"Tempo di lettura stimato\" \/>\n\t<meta name=\"twitter:data1\" content=\"3 minuti\" \/>\n<script type=\"application\/ld+json\" class=\"yoast-schema-graph\">{\"@context\":\"https:\/\/schema.org\",\"@graph\":[{\"@type\":\"WebPage\",\"@id\":\"https:\/\/cgf.janz.pt\/it\/impresa\/sistema-di-gestione-della-qualita\/\",\"url\":\"https:\/\/cgf.janz.pt\/it\/impresa\/sistema-di-gestione-della-qualita\/\",\"name\":\"Qualit\u00e0: Politica di gestione integrata\",\"isPartOf\":{\"@id\":\"https:\/\/cgf.janz.pt\/#website\"},\"datePublished\":\"2018-04-11T16:01:33+00:00\",\"dateModified\":\"2026-04-14T09:16:04+00:00\",\"description\":\"Ci impegniamo a valutare i nostri processi per garantire e innalzare gli standard qualitativi che da sempre caratterizzano JANZ.\",\"breadcrumb\":{\"@id\":\"https:\/\/cgf.janz.pt\/it\/impresa\/sistema-di-gestione-della-qualita\/#breadcrumb\"},\"inLanguage\":\"it-IT\",\"potentialAction\":[{\"@type\":\"ReadAction\",\"target\":[\"https:\/\/cgf.janz.pt\/it\/impresa\/sistema-di-gestione-della-qualita\/\"]}]},{\"@type\":\"BreadcrumbList\",\"@id\":\"https:\/\/cgf.janz.pt\/it\/impresa\/sistema-di-gestione-della-qualita\/#breadcrumb\",\"itemListElement\":[{\"@type\":\"ListItem\",\"position\":1,\"name\":\"In\u00edcio\",\"item\":\"https:\/\/cgf.janz.pt\/it\/\"},{\"@type\":\"ListItem\",\"position\":2,\"name\":\"Impresa\",\"item\":\"https:\/\/cgf.janz.pt\/it\/impresa\/\"},{\"@type\":\"ListItem\",\"position\":3,\"name\":\"Politica di Gestione Integrata\"}]},{\"@type\":\"WebSite\",\"@id\":\"https:\/\/cgf.janz.pt\/#website\",\"url\":\"https:\/\/cgf.janz.pt\/\",\"name\":\"Janz - Contagem e Gest\u00e3o de Flu\u00eddos S.A.\",\"description\":\"Fabrica, comercializa e distribu\u00ed contadores de \u00e0gua, pe\u00e7as de precis\u00e3o e injec\u00e7\u00e3o de pl\u00e1sticos\",\"potentialAction\":[{\"@type\":\"SearchAction\",\"target\":{\"@type\":\"EntryPoint\",\"urlTemplate\":\"https:\/\/cgf.janz.pt\/?s={search_term_string}\"},\"query-input\":{\"@type\":\"PropertyValueSpecification\",\"valueRequired\":true,\"valueName\":\"search_term_string\"}}],\"inLanguage\":\"it-IT\"}]}<\/script>\n<!-- \/ Yoast SEO plugin. -->","yoast_head_json":{"title":"Qualit\u00e0: Politica di gestione integrata","description":"Ci impegniamo a valutare i nostri processi per garantire e innalzare gli standard qualitativi che da sempre caratterizzano JANZ.","robots":{"index":"index","follow":"follow","max-snippet":"max-snippet:-1","max-image-preview":"max-image-preview:large","max-video-preview":"max-video-preview:-1"},"canonical":"https:\/\/cgf.janz.pt\/it\/impresa\/sistema-di-gestione-della-qualita\/","og_locale":"it_IT","og_type":"article","og_title":"Sistema de Gest\u00e3o de Qualidade - CGF JANZ - Contagem e Gest\u00e3o de Flu\u00eddos","og_description":"Temos o compromisso de avaliar os nossos processos. Damos forma\u00e7\u00e3o cont\u00ednua \u00e0 nossa equipa sobre Contadores de \u00c1gua, Pe\u00e7as de Precis\u00e3o, entre outros.","og_url":"https:\/\/cgf.janz.pt\/it\/impresa\/sistema-di-gestione-della-qualita\/","og_site_name":"Janz - Contagem e Gest\u00e3o de Flu\u00eddos S.A.","article_modified_time":"2026-04-14T09:16:04+00:00","og_image":[{"width":1200,"height":628,"url":"https:\/\/cgf.janz.pt\/wp-content\/uploads\/2018\/10\/cgf.janz_.pt-redes-sociais.png","type":"image\/png"}],"twitter_card":"summary_large_image","twitter_misc":{"Tempo di lettura stimato":"3 minuti"},"schema":{"@context":"https:\/\/schema.org","@graph":[{"@type":"WebPage","@id":"https:\/\/cgf.janz.pt\/it\/impresa\/sistema-di-gestione-della-qualita\/","url":"https:\/\/cgf.janz.pt\/it\/impresa\/sistema-di-gestione-della-qualita\/","name":"Qualit\u00e0: Politica di gestione integrata","isPartOf":{"@id":"https:\/\/cgf.janz.pt\/#website"},"datePublished":"2018-04-11T16:01:33+00:00","dateModified":"2026-04-14T09:16:04+00:00","description":"Ci impegniamo a valutare i nostri processi per garantire e innalzare gli standard qualitativi che da sempre caratterizzano JANZ.","breadcrumb":{"@id":"https:\/\/cgf.janz.pt\/it\/impresa\/sistema-di-gestione-della-qualita\/#breadcrumb"},"inLanguage":"it-IT","potentialAction":[{"@type":"ReadAction","target":["https:\/\/cgf.janz.pt\/it\/impresa\/sistema-di-gestione-della-qualita\/"]}]},{"@type":"BreadcrumbList","@id":"https:\/\/cgf.janz.pt\/it\/impresa\/sistema-di-gestione-della-qualita\/#breadcrumb","itemListElement":[{"@type":"ListItem","position":1,"name":"In\u00edcio","item":"https:\/\/cgf.janz.pt\/it\/"},{"@type":"ListItem","position":2,"name":"Impresa","item":"https:\/\/cgf.janz.pt\/it\/impresa\/"},{"@type":"ListItem","position":3,"name":"Politica di Gestione Integrata"}]},{"@type":"WebSite","@id":"https:\/\/cgf.janz.pt\/#website","url":"https:\/\/cgf.janz.pt\/","name":"Janz - Contagem e Gest\u00e3o de Flu\u00eddos S.A.","description":"Fabrica, comercializa e distribu\u00ed contadores de \u00e0gua, pe\u00e7as de precis\u00e3o e injec\u00e7\u00e3o de pl\u00e1sticos","potentialAction":[{"@type":"SearchAction","target":{"@type":"EntryPoint","urlTemplate":"https:\/\/cgf.janz.pt\/?s={search_term_string}"},"query-input":{"@type":"PropertyValueSpecification","valueRequired":true,"valueName":"search_term_string"}}],"inLanguage":"it-IT"}]}},"_links":{"self":[{"href":"https:\/\/cgf.janz.pt\/it\/wp-json\/wp\/v2\/pages\/10858","targetHints":{"allow":["GET"]}}],"collection":[{"href":"https:\/\/cgf.janz.pt\/it\/wp-json\/wp\/v2\/pages"}],"about":[{"href":"https:\/\/cgf.janz.pt\/it\/wp-json\/wp\/v2\/types\/page"}],"author":[{"embeddable":true,"href":"https:\/\/cgf.janz.pt\/it\/wp-json\/wp\/v2\/users\/1"}],"replies":[{"embeddable":true,"href":"https:\/\/cgf.janz.pt\/it\/wp-json\/wp\/v2\/comments?post=10858"}],"version-history":[{"count":17,"href":"https:\/\/cgf.janz.pt\/it\/wp-json\/wp\/v2\/pages\/10858\/revisions"}],"predecessor-version":[{"id":11963,"href":"https:\/\/cgf.janz.pt\/it\/wp-json\/wp\/v2\/pages\/10858\/revisions\/11963"}],"up":[{"embeddable":true,"href":"https:\/\/cgf.janz.pt\/it\/wp-json\/wp\/v2\/pages\/10767"}],"wp:attachment":[{"href":"https:\/\/cgf.janz.pt\/it\/wp-json\/wp\/v2\/media?parent=10858"}],"curies":[{"name":"wp","href":"https:\/\/api.w.org\/{rel}","templated":true}]}}